{"id":2,"date":"2025-04-04T23:25:00","date_gmt":"2025-04-04T21:25:00","guid":{"rendered":"https:\/\/amazighnews.com\/?page_id=2"},"modified":"2026-02-12T12:13:10","modified_gmt":"2026-02-12T11:13:10","slug":"observatoire-strategique-monde-amazigh","status":"publish","type":"page","link":"https:\/\/amazighnews.com\/","title":{"rendered":"Observatoire strat\u00e9gique du monde amazigh"},"content":{"rendered":"\n<p>Un espace d\u2019analyse, de r\u00e9flexion et de prospective consacr\u00e9 aux dynamiques politiques, \u00e9conomiques, culturelles et num\u00e9riques amazighes<\/p>\n\n\n\n<h2 class=\"wp-block-heading\">AmazighNews n\u2019est pas un site d\u2019actualit\u00e9 imm\u00e9diate.<\/h2>\n\n\n\n<p>C\u2019est un lieu de recul, de structuration et de compr\u00e9hension.<\/p>\n\n\n\n<p>Nous analysons les \u00e9volutions de long terme, les rapports de force, les trajectoires diasporiques et les transformations num\u00e9riques qui fa\u00e7onnent le monde amazigh contemporain.<\/p>\n\n\n\n<h2 class=\"wp-block-heading\">Penser le temps long<\/h2>\n\n\n\n<p>Dans un environnement satur\u00e9 d\u2019informations rapides, AmazighNews propose une autre temporalit\u00e9.<\/p>\n\n\n\n<p>Nous documentons, analysons et structurons les ph\u00e9nom\u00e8nes qui d\u00e9passent l\u2019instant :<\/p>\n\n\n\n<ul class=\"wp-block-list\">\n<li>gouvernance et pouvoir<\/li>\n\n\n\n<li>diaspora et influence<\/li>\n\n\n\n<li>\u00e9conomie et structuration<\/li>\n\n\n\n<li>m\u00e9dias et r\u00e9cits<\/li>\n\n\n\n<li>num\u00e9rique et souverainet\u00e9 culturelle<\/li>\n\n\n\n<li>m\u00e9moire et transmission<\/li>\n<\/ul>\n\n\n\n<h2 class=\"wp-block-heading\">Notre ambition est simple : offrir un cadre de lecture strat\u00e9gique, rigoureux et ind\u00e9pendant.<\/h2>\n\n\n\n<p>AmazighNews privil\u00e9gie :<\/p>\n\n\n\n<ul class=\"wp-block-list\">\n<li>l\u2019analyse argument\u00e9e<\/li>\n\n\n\n<li>la contextualisation historique<\/li>\n\n\n\n<li>la cartographie des acteurs<\/li>\n\n\n\n<li>la prospective<\/li>\n\n\n\n<li>la documentation<\/li>\n<\/ul>\n\n\n\n<p>Nous refusons la r\u00e9action \u00e0 chaud et la polarisation \u00e9motionnelle.<\/p>\n\n\n\n<h2 class=\"wp-block-heading\">Nos publications<\/h2>\n\n\n\n<p><br>Ce que vous trouverez ici<\/p>\n\n\n\n<ul class=\"wp-block-list\">\n<li>Analyses strat\u00e9giques approfondies<\/li>\n\n\n\n<li>Dossiers th\u00e9matiques trimestriels<\/li>\n\n\n\n<li>Tribunes argument\u00e9es<\/li>\n\n\n\n<li>Cartographies d\u2019influence<\/li>\n\n\n\n<li>\u00c9tudes sur la diaspora<\/li>\n\n\n\n<li>R\u00e9flexions sur les m\u00e9dias et le num\u00e9rique amazigh<\/li>\n<\/ul>\n","protected":false},"excerpt":{"rendered":"<p>Un espace d\u2019analyse, de r\u00e9flexion et de prospective consacr\u00e9 aux dynamiques politiques, \u00e9conomiques, culturelles et num\u00e9riques amazighes AmazighNews n\u2019est pas un site d\u2019actualit\u00e9 imm\u00e9diate. C\u2019est un lieu de recul, de structuration et de compr\u00e9hension. Nous analysons les \u00e9volutions de long terme, les rapports de force, les trajectoires diasporiques et les transformations num\u00e9riques qui fa\u00e7onnent le &#8230; <a title=\"Observatoire strat\u00e9gique du monde amazigh\" class=\"read-more\" href=\"https:\/\/amazighnews.com\/\" aria-label=\"En savoir plus sur Observatoire strat\u00e9gique du monde amazigh\">Lire plus<\/a><\/p>\n","protected":false},"author":1,"featured_media":0,"parent":0,"menu_order":0,"comment_status":"closed","ping_status":"closed","template":"","meta":{"footnotes":""},"class_list":["post-2","page","type-page","status-publish"],"_links":{"self":[{"href":"https:\/\/amazighnews.com\/index.php\/wp-json\/wp\/v2\/pages\/2","targetHints":{"allow":["GET"]}}],"collection":[{"href":"https:\/\/amazighnews.com\/index.php\/wp-json\/wp\/v2\/pages"}],"about":[{"href":"https:\/\/amazighnews.com\/index.php\/wp-json\/wp\/v2\/types\/page"}],"author":[{"embeddable":true,"href":"https:\/\/amazighnews.com\/index.php\/wp-json\/wp\/v2\/users\/1"}],"replies":[{"embeddable":true,"href":"https:\/\/amazighnews.com\/index.php\/wp-json\/wp\/v2\/comments?post=2"}],"version-history":[{"count":2,"href":"https:\/\/amazighnews.com\/index.php\/wp-json\/wp\/v2\/pages\/2\/revisions"}],"predecessor-version":[{"id":22,"href":"https:\/\/amazighnews.com\/index.php\/wp-json\/wp\/v2\/pages\/2\/revisions\/22"}],"wp:attachment":[{"href":"https:\/\/amazighnews.com\/index.php\/wp-json\/wp\/v2\/media?parent=2"}],"curies":[{"name":"wp","href":"https:\/\/api.w.org\/{rel}","templated":true}]}}